{"id":131,"date":"2017-05-31T20:23:07","date_gmt":"2017-05-31T18:23:07","guid":{"rendered":"https:\/\/www.nature-conservation-ubfc.com\/emme\/?page_id=131"},"modified":"2023-01-20T10:02:31","modified_gmt":"2023-01-20T09:02:31","slug":"contact","status":"publish","type":"page","link":"https:\/\/www.nature-conservation-ubfc.com\/emme\/fr\/contact\/","title":{"rendered":"Contact"},"content":{"rendered":"<p>[et_pb_section bb_built=\u00a0\u00bb1&Prime; admin_label=\u00a0\u00bbsection\u00a0\u00bb inner_width=\u00a0\u00bb90%\u00a0\u00bb inner_max_width=\u00a0\u00bb1200px\u00a0\u00bb next_background_color=\u00a0\u00bb#000000&Prime;][et_pb_row admin_label=\u00a0\u00bbrow\u00a0\u00bb background_position=\u00a0\u00bbtop_left\u00a0\u00bb background_repeat=\u00a0\u00bbrepeat\u00a0\u00bb background_size=\u00a0\u00bbinitial\u00a0\u00bb width=\u00a0\u00bb90%\u00a0\u00bb max_width=\u00a0\u00bb1200px\u00a0\u00bb][et_pb_column type=\u00a0\u00bb4_4&Prime; custom_padding__hover=\u00a0\u00bb|||\u00a0\u00bb custom_padding=\u00a0\u00bb|||\u00a0\u00bb][et_pb_text admin_label=\u00a0\u00bbAdresse\u00a0\u00bb _builder_version=\u00a0\u00bb4.11.4&Prime; background_layout=\u00a0\u00bblight\u00a0\u00bb text_orientation=\u00a0\u00bbleft\u00a0\u00bb]<\/p>\n<p><strong>Master EMME \/ EDGE (acronyme en Fran\u00e7ais)<\/strong><br \/>Universit\u00e9 de Franche-Comt\u00e9 &#8211; CNRS<br \/>UMR 6249 Chrono-environnement<br \/>UFR Sciences et Techniques<br \/>16, Route de Gray<br \/>F-25030 Besan\u00e7on cedex<\/p>\n<p>\u00a0<\/p>\n<h5><strong>Pour des questions p\u00e9dagogiques\u00a0:<\/strong><\/h5>\n<p><a href=\"mailto:master.emme@univ-fcomte.fr\">master.emme@univ-fcomte.fr<\/a><\/p>\n<p>Prof. Francis RAOUL, <a href=\"mailto:francis.raoul@univ-fcomte.fr\">francis.raoul@univ-fcomte.fr<\/a>, Responsable du Master Biologie de la Conservation EMME<\/p>\n<p>Prof. Renaud SCHEIFLER, <a href=\"mailto:renaud.scheifler@univ-fcomte.fr\">renaud.scheifler@univ-fcomte.fr<\/a>, Co-responsable du Master Biologie de la Conservation EMME (deuxi\u00e8me ann\u00e9e)<\/p>\n<p>\u00a0<\/p>\n<h5><strong>Pour des questions administratives (candidatures, inscription\u2026)<\/strong><\/h5>\n<p><strong>Pour les \u00e9tudiants d\u00e9j\u00e0 inscrits dans une universit\u00e9 fran\u00e7aise<\/strong><\/p>\n<p>Scolarit\u00e9 UFR ST<\/p>\n<p>+33 (0)3 81 66 66 50<\/p>\n<p><a href=\"mailto:scolarite.master.ufr-st@univ-fcomte.fr\">scolarite.master.ufr-st@univ-fcomte.fr<\/a><\/p>\n<p><strong>Pour des \u00e9tudiants non inscrits<\/strong><\/p>\n<p><a href=\"http:\/\/www.univ-fcomte.fr\/pages\/fr\/menu1\/accueil-international-131.html\" target=\"_blank\" rel=\"noopener noreferrer\">http:\/\/www.univ-fcomte.fr\/pages\/fr\/menu1\/accueil-international-131.html<\/a><\/p>\n<p>[\/et_pb_text][\/et_pb_column][\/et_pb_row][et_pb_row admin_label=\u00a0\u00bbLigne\u00a0\u00bb background_position=\u00a0\u00bbtop_left\u00a0\u00bb background_repeat=\u00a0\u00bbrepeat\u00a0\u00bb background_size=\u00a0\u00bbinitial\u00a0\u00bb width=\u00a0\u00bb90%\u00a0\u00bb max_width=\u00a0\u00bb1200px\u00a0\u00bb][et_pb_column type=\u00a0\u00bb4_4&Prime; custom_padding__hover=\u00a0\u00bb|||\u00a0\u00bb custom_padding=\u00a0\u00bb|||\u00a0\u00bb][et_pb_contact_form admin_label=\u00a0\u00bbFormulaire de contact\u00a0\u00bb _builder_version=\u00a0\u00bb3.0.50&Prime; captcha=\u00a0\u00bbon\u00a0\u00bb use_redirect=\u00a0\u00bboff\u00a0\u00bb input_border_radius=\u00a0\u00bb0&Prime; border_style=\u00a0\u00bbsolid\u00a0\u00bb custom_button=\u00a0\u00bboff\u00a0\u00bb button_letter_spacing=\u00a0\u00bb0&Prime; button_icon_placement=\u00a0\u00bbright\u00a0\u00bb button_letter_spacing_hover=\u00a0\u00bb0&Prime; success_message=\u00a0\u00bbVotre message a bien \u00e9t\u00e9 envoy\u00e9 !\u00a0\u00bb email=\u00a0\u00bbmaster.edge@univ-fcomte.fr\u00a0\u00bb custom_message=\u00a0\u00bb||et_pb_line_break_holder||||et_pb_line_break_holder||Nom : %%Nom%%||et_pb_line_break_holder||||et_pb_line_break_holder||Email : %%Email%%||et_pb_line_break_holder||||et_pb_line_break_holder||Sujet : %%Sujet%%||et_pb_line_break_holder||||et_pb_line_break_holder||Message : %%Message%%||et_pb_line_break_holder||||et_pb_line_break_holder||\u00a0\u00bb border_radii=\u00a0\u00bbon|0px|0px|0px|0px\u00a0\u00bb][et_pb_contact_field field_title=\u00a0\u00bbNom\u00a0\u00bb field_type=\u00a0\u00bbinput\u00a0\u00bb field_id=\u00a0\u00bbNom\u00a0\u00bb required_mark=\u00a0\u00bbon\u00a0\u00bb fullwidth_field=\u00a0\u00bboff\u00a0\u00bb form_field_font_select=\u00a0\u00bbdefault\u00a0\u00bb form_field_font=\u00a0\u00bb||||\u00a0\u00bb use_border_color=\u00a0\u00bboff\u00a0\u00bb border_style=\u00a0\u00bbsolid\u00a0\u00bb \/][et_pb_contact_field field_title=\u00a0\u00bbAdresse e-mail\u00a0\u00bb field_type=\u00a0\u00bbemail\u00a0\u00bb field_id=\u00a0\u00bbEmail\u00a0\u00bb required_mark=\u00a0\u00bbon\u00a0\u00bb fullwidth_field=\u00a0\u00bboff\u00a0\u00bb \/][et_pb_contact_field field_id=\u00a0\u00bbSujet\u00a0\u00bb field_title=\u00a0\u00bbSujet\u00a0\u00bb field_type=\u00a0\u00bbinput\u00a0\u00bb required_mark=\u00a0\u00bbon\u00a0\u00bb fullwidth_field=\u00a0\u00bbon\u00a0\u00bb form_field_font_select=\u00a0\u00bbdefault\u00a0\u00bb form_field_font=\u00a0\u00bb||||\u00a0\u00bb use_border_color=\u00a0\u00bboff\u00a0\u00bb border_style=\u00a0\u00bbsolid\u00a0\u00bb \/][et_pb_contact_field field_title=\u00a0\u00bbMessage\u00a0\u00bb field_type=\u00a0\u00bbtext\u00a0\u00bb field_id=\u00a0\u00bbMessage\u00a0\u00bb required_mark=\u00a0\u00bbon\u00a0\u00bb fullwidth_field=\u00a0\u00bbon\u00a0\u00bb \/][\/et_pb_contact_form][\/et_pb_column][\/et_pb_row][\/et_pb_section][et_pb_section bb_built=\u00a0\u00bb1&Prime; fullwidth=\u00a0\u00bboff\u00a0\u00bb specialty=\u00a0\u00bboff\u00a0\u00bb _builder_version=\u00a0\u00bb3.0.50&Prime; inner_width=\u00a0\u00bb90%\u00a0\u00bb inner_max_width=\u00a0\u00bb1200px\u00a0\u00bb prev_background_color=\u00a0\u00bb#000000&Prime;][et_pb_row admin_label=\u00a0\u00bbLigne\u00a0\u00bb background_position=\u00a0\u00bbtop_left\u00a0\u00bb background_repeat=\u00a0\u00bbrepeat\u00a0\u00bb background_size=\u00a0\u00bbinitial\u00a0\u00bb width=\u00a0\u00bb90%\u00a0\u00bb max_width=\u00a0\u00bb1200px\u00a0\u00bb][et_pb_column type=\u00a0\u00bb4_4&Prime; custom_padding__hover=\u00a0\u00bb|||\u00a0\u00bb custom_padding=\u00a0\u00bb|||\u00a0\u00bb][et_pb_map admin_label=\u00a0\u00bbCarte\u00a0\u00bb _builder_version=\u00a0\u00bb3.0.50&Prime; address=\u00a0\u00bb16 Route de Gray, 25000 Besan\u00e7on, France\u00a0\u00bb address_lat=\u00a0\u00bb47.24497497112017&Prime; address_lng=\u00a0\u00bb5.987327434532181&Prime; mouse_wheel=\u00a0\u00bboff\u00a0\u00bb mobile_dragging=\u00a0\u00bbon\u00a0\u00bb use_grayscale_filter=\u00a0\u00bboff\u00a0\u00bb grayscale_filter_amount=\u00a0\u00bb0&Prime; child_filter_saturate=\u00a0\u00bb100%\u00a0\u00bb][et_pb_map_pin title=\u00a0\u00bbMaster EDGE\u00a0\u00bb pin_address=\u00a0\u00bbM\u00e9trologie, 25000 Besan\u00e7on, France\u00a0\u00bb pin_address_lat=\u00a0\u00bb47.244996821414276&Prime; pin_address_lng=\u00a0\u00bb5.987509824745189&Prime;]<\/p>\n<p>Universit\u00e9 de Franche-Comt\u00e9 \u2013 CNRS<br \/>\nUMR 6249 Chrono-environnement<br \/>\nUFR Sciences et Techniques<br \/>\n16, Route de Gray<br \/>\nF-25030 Besan\u00e7on cedex<\/p>\n<p>[\/et_pb_map_pin][\/et_pb_map][\/et_pb_column][\/et_pb_row][\/et_pb_section]<\/p>\n","protected":false},"excerpt":{"rendered":"<p>Master EMME \/ EDGE (acronyme en Fran\u00e7ais)Universit\u00e9 de Franche-Comt\u00e9 &#8211; CNRSUMR 6249 Chrono-environnementUFR Sciences et Techniques16, Route de GrayF-25030 Besan\u00e7on cedex\u00a0Pour des questions p\u00e9dagogiques\u00a0:master.emme@univ-fcomte.frProf. Francis RAOUL, francis.raoul@univ-fcomte.fr, Responsable du Master Biologie de la Conservation EMMEProf. Renaud SCHEIFLER, renaud.scheifler@univ-fcomte.fr, Co-responsable du Master Biologie de la Conservation EMME (deuxi\u00e8me ann\u00e9e)\u00a0Pour des questions administratives (candidatures, inscription\u2026)Pour les \u00e9tudiants [&hellip;]<\/p>\n","protected":false},"author":4,"featured_media":0,"parent":0,"menu_order":0,"comment_status":"closed","ping_status":"closed","template":"","meta":{"_et_pb_use_builder":"on","_et_pb_old_content":"","_et_gb_content_width":"","footnotes":""},"yoast_head":"<!-- This site is optimized with the Yoast SEO plugin v22.8 - https:\/\/yoast.com\/wordpress\/plugins\/seo\/ -->\n<title>Contact - EMME<\/title>\n<meta name=\"robots\" content=\"index, follow, max-snippet:-1, max-image-preview:large, max-video-preview:-1\" \/>\n<link rel=\"canonical\" href=\"https:\/\/www.nature-conservation-ubfc.com\/emme\/fr\/contact\/\" \/>\n<meta property=\"og:locale\" content=\"fr_FR\" \/>\n<meta property=\"og:type\" content=\"article\" \/>\n<meta property=\"og:title\" content=\"Contact - EMME\" \/>\n<meta property=\"og:description\" content=\"Master EMME \/ EDGE (acronyme en Fran\u00e7ais)Universit\u00e9 de Franche-Comt\u00e9 - CNRSUMR 6249 Chrono-environnementUFR Sciences et Techniques16, Route de GrayF-25030 Besan\u00e7on cedex\u00a0Pour des questions p\u00e9dagogiques\u00a0:master.emme@univ-fcomte.frProf. Francis RAOUL, francis.raoul@univ-fcomte.fr, Responsable du Master Biologie de la Conservation EMMEProf. Renaud SCHEIFLER, renaud.scheifler@univ-fcomte.fr, Co-responsable du Master Biologie de la Conservation EMME (deuxi\u00e8me ann\u00e9e)\u00a0Pour des questions administratives (candidatures, inscription\u2026)Pour les \u00e9tudiants [&hellip;]\" \/>\n<meta property=\"og:url\" content=\"https:\/\/www.nature-conservation-ubfc.com\/emme\/fr\/contact\/\" \/>\n<meta property=\"og:site_name\" content=\"EMME\" \/>\n<meta property=\"article:modified_time\" content=\"2023-01-20T09:02:31+00:00\" \/>\n<meta name=\"twitter:card\" content=\"summary_large_image\" \/>\n<meta name=\"twitter:label1\" content=\"Dur\u00e9e de lecture estim\u00e9e\" \/>\n\t<meta name=\"twitter:data1\" content=\"2 minutes\" \/>\n<script type=\"application\/ld+json\" class=\"yoast-schema-graph\">{\"@context\":\"https:\/\/schema.org\",\"@graph\":[{\"@type\":\"WebPage\",\"@id\":\"https:\/\/www.nature-conservation-ubfc.com\/emme\/fr\/contact\/\",\"url\":\"https:\/\/www.nature-conservation-ubfc.com\/emme\/fr\/contact\/\",\"name\":\"Contact - EMME\",\"isPartOf\":{\"@id\":\"https:\/\/www.nature-conservation-ubfc.com\/emme\/#website\"},\"datePublished\":\"2017-05-31T18:23:07+00:00\",\"dateModified\":\"2023-01-20T09:02:31+00:00\",\"breadcrumb\":{\"@id\":\"https:\/\/www.nature-conservation-ubfc.com\/emme\/fr\/contact\/#breadcrumb\"},\"inLanguage\":\"fr-FR\",\"potentialAction\":[{\"@type\":\"ReadAction\",\"target\":[\"https:\/\/www.nature-conservation-ubfc.com\/emme\/fr\/contact\/\"]}]},{\"@type\":\"BreadcrumbList\",\"@id\":\"https:\/\/www.nature-conservation-ubfc.com\/emme\/fr\/contact\/#breadcrumb\",\"itemListElement\":[{\"@type\":\"ListItem\",\"position\":1,\"name\":\"Accueil\",\"item\":\"https:\/\/www.nature-conservation-ubfc.com\/emme\/fr\/\"},{\"@type\":\"ListItem\",\"position\":2,\"name\":\"Contact\"}]},{\"@type\":\"WebSite\",\"@id\":\"https:\/\/www.nature-conservation-ubfc.com\/emme\/#website\",\"url\":\"https:\/\/www.nature-conservation-ubfc.com\/emme\/\",\"name\":\"EMME\",\"description\":\"\",\"potentialAction\":[{\"@type\":\"SearchAction\",\"target\":{\"@type\":\"EntryPoint\",\"urlTemplate\":\"https:\/\/www.nature-conservation-ubfc.com\/emme\/?s={search_term_string}\"},\"query-input\":\"required name=search_term_string\"}],\"inLanguage\":\"fr-FR\"}]}<\/script>\n<!-- \/ Yoast SEO plugin. -->","yoast_head_json":{"title":"Contact - EMME","robots":{"index":"index","follow":"follow","max-snippet":"max-snippet:-1","max-image-preview":"max-image-preview:large","max-video-preview":"max-video-preview:-1"},"canonical":"https:\/\/www.nature-conservation-ubfc.com\/emme\/fr\/contact\/","og_locale":"fr_FR","og_type":"article","og_title":"Contact - EMME","og_description":"Master EMME \/ EDGE (acronyme en Fran\u00e7ais)Universit\u00e9 de Franche-Comt\u00e9 - CNRSUMR 6249 Chrono-environnementUFR Sciences et Techniques16, Route de GrayF-25030 Besan\u00e7on cedex\u00a0Pour des questions p\u00e9dagogiques\u00a0:master.emme@univ-fcomte.frProf. Francis RAOUL, francis.raoul@univ-fcomte.fr, Responsable du Master Biologie de la Conservation EMMEProf. Renaud SCHEIFLER, renaud.scheifler@univ-fcomte.fr, Co-responsable du Master Biologie de la Conservation EMME (deuxi\u00e8me ann\u00e9e)\u00a0Pour des questions administratives (candidatures, inscription\u2026)Pour les \u00e9tudiants [&hellip;]","og_url":"https:\/\/www.nature-conservation-ubfc.com\/emme\/fr\/contact\/","og_site_name":"EMME","article_modified_time":"2023-01-20T09:02:31+00:00","twitter_card":"summary_large_image","twitter_misc":{"Dur\u00e9e de lecture estim\u00e9e":"2 minutes"},"schema":{"@context":"https:\/\/schema.org","@graph":[{"@type":"WebPage","@id":"https:\/\/www.nature-conservation-ubfc.com\/emme\/fr\/contact\/","url":"https:\/\/www.nature-conservation-ubfc.com\/emme\/fr\/contact\/","name":"Contact - EMME","isPartOf":{"@id":"https:\/\/www.nature-conservation-ubfc.com\/emme\/#website"},"datePublished":"2017-05-31T18:23:07+00:00","dateModified":"2023-01-20T09:02:31+00:00","breadcrumb":{"@id":"https:\/\/www.nature-conservation-ubfc.com\/emme\/fr\/contact\/#breadcrumb"},"inLanguage":"fr-FR","potentialAction":[{"@type":"ReadAction","target":["https:\/\/www.nature-conservation-ubfc.com\/emme\/fr\/contact\/"]}]},{"@type":"BreadcrumbList","@id":"https:\/\/www.nature-conservation-ubfc.com\/emme\/fr\/contact\/#breadcrumb","itemListElement":[{"@type":"ListItem","position":1,"name":"Accueil","item":"https:\/\/www.nature-conservation-ubfc.com\/emme\/fr\/"},{"@type":"ListItem","position":2,"name":"Contact"}]},{"@type":"WebSite","@id":"https:\/\/www.nature-conservation-ubfc.com\/emme\/#website","url":"https:\/\/www.nature-conservation-ubfc.com\/emme\/","name":"EMME","description":"","potentialAction":[{"@type":"SearchAction","target":{"@type":"EntryPoint","urlTemplate":"https:\/\/www.nature-conservation-ubfc.com\/emme\/?s={search_term_string}"},"query-input":"required name=search_term_string"}],"inLanguage":"fr-FR"}]}},"_links":{"self":[{"href":"https:\/\/www.nature-conservation-ubfc.com\/emme\/wp-json\/wp\/v2\/pages\/131"}],"collection":[{"href":"https:\/\/www.nature-conservation-ubfc.com\/emme\/wp-json\/wp\/v2\/pages"}],"about":[{"href":"https:\/\/www.nature-conservation-ubfc.com\/emme\/wp-json\/wp\/v2\/types\/page"}],"author":[{"embeddable":true,"href":"https:\/\/www.nature-conservation-ubfc.com\/emme\/wp-json\/wp\/v2\/users\/4"}],"replies":[{"embeddable":true,"href":"https:\/\/www.nature-conservation-ubfc.com\/emme\/wp-json\/wp\/v2\/comments?post=131"}],"version-history":[{"count":12,"href":"https:\/\/www.nature-conservation-ubfc.com\/emme\/wp-json\/wp\/v2\/pages\/131\/revisions"}],"predecessor-version":[{"id":2036,"href":"https:\/\/www.nature-conservation-ubfc.com\/emme\/wp-json\/wp\/v2\/pages\/131\/revisions\/2036"}],"wp:attachment":[{"href":"https:\/\/www.nature-conservation-ubfc.com\/emme\/wp-json\/wp\/v2\/media?parent=131"}],"curies":[{"name":"wp","href":"https:\/\/api.w.org\/{rel}","templated":true}]}}